{"id":5064,"date":"2015-12-07T11:28:13","date_gmt":"2015-12-07T10:28:13","guid":{"rendered":"http:\/\/www.andreclaude.fr\/web\/index.php\/produit\/noix-seches-les-500-grs\/"},"modified":"2025-10-22T16:24:16","modified_gmt":"2025-10-22T15:24:16","slug":"noix-seche-les-500-grs","status":"publish","type":"product","link":"https:\/\/www.passionfruits.fr\/index.php\/produit\/noix-seche-les-500-grs\/","title":{"rendered":"Noix s\u00e8che   France Cat 1 les 500 grs"},"content":{"rendered":"","protected":false},"excerpt":{"rendered":"<p><span class=\"label\">Petit conseil<\/span> : pour qu&#039;elles gardent toutes leurs saveurs et leurs qualit\u00e9s nutritionnelles, comment faut-il conserver les noix lorsqu&#039;elles sont fra\u00eeches ou s\u00e8ches ?<\/p>\n<p>\u2022 <b>Les noix fra\u00eeches<\/b>, que l&#039;on r\u00e9colte entre la mi-septembre et le d\u00e9but novembre\u00a0 peuvent se conserver plusieurs semaines \u00e0 l&#039;abri de la chaleur et de la lumi\u00e8re : cave, pi\u00e8ce bien ventil\u00e9e ou bac \u00e0 l\u00e9gumes du r\u00e9frig\u00e9rateur.<\/p>\n<p>\u2022 Par d\u00e9finition, <b>les noix s\u00e9ch\u00e9es<\/b> ne contiennent quasiment plus d&#039;eau. Les cerneaux ont \u00e9t\u00e9 d\u00e9tach\u00e9s de la coque. Elles peuvent \u00eatre d\u00e9gust\u00e9es entre six et douze mois apr\u00e8s la r\u00e9colte, \u00e0 la condition imp\u00e9rative de les conserver \u00e0 l&#039;abri du froid et de l&#039;humidit\u00e9 : dans une pi\u00e8ce temp\u00e9r\u00e9e et emball\u00e9es dans du papier absorbant ou dispos\u00e9es dans une bo\u00eete en m\u00e9tal, par exemple.<\/p>\n","protected":false},"featured_media":5065,"comment_status":"closed","ping_status":"closed","template":"","meta":{"spay_email":"","jetpack_publicize_message":"","jetpack_is_tweetstorm":false},"jetpack_publicize_connections":[],"jetpack_sharing_enabled":true,"jetpack-related-posts":[{"id":8366,"url":"https:\/\/www.passionfruits.fr\/index.php\/produit\/melange-exotique-barquette-200g-environ\/","url_meta":{"origin":5064,"position":0},"title":"M\u00e9lange exotique barquette 250g environ","date":"8 mars 2016","format":false,"excerpt":"M\u00e9lange de\u00a0 fruits secs et de fruits d\u00e9shydrat\u00e9s\u00a0: Conditionn\u00e9 en barquette refermable \u00e0 volont\u00e9 pour garder toute sa saveur. Ingr\u00e9dients :Ingr\u00e9dients : raisin sec golden (raisin, huile de tournesol, conservateur : anhydride sulfureux), papaye d\u00e9shydrat\u00e9e en cubes (papaye, sucre, conservateur : anhydride sulfureux), ananas d\u00e9shydrat\u00e9 en cubes (ananas, sucre, acidifiant\u2026","rel":"","context":"Article similaire","img":{"alt_text":"","src":"https:\/\/i2.wp.com\/www.passionfruits.fr\/wp-content\/uploads\/2016\/03\/Melange-Exotique.jpg?fit=601%2C600&ssl=1&resize=350%2C200","width":350,"height":200},"classes":[]},{"id":5372,"url":"https:\/\/www.passionfruits.fr\/index.php\/produit\/cerneau-de-noix-barq-130grs\/","url_meta":{"origin":5064,"position":1},"title":"Cerneau de noix France Cat 1 le sachet de 130grs","date":"7 d\u00e9cembre 2015","format":false,"excerpt":"Les cerneaux de noix agr\u00e9menteront \u00e0 merveille vos salades, se marient tr\u00e8s bien avec les endives ou sur un plateau de fromage. Conditionn\u00e9 en barquette refermable \u00e0 volont\u00e9 pour garder toute sa saveur.","rel":"","context":"Article similaire","img":{"alt_text":"","src":"https:\/\/i0.wp.com\/www.passionfruits.fr\/wp-content\/uploads\/2015\/12\/cerneaux-de-noix.jpg?fit=600%2C600&ssl=1&resize=350%2C200","width":350,"height":200},"classes":[]},{"id":5379,"url":"https:\/\/www.passionfruits.fr\/index.php\/produit\/noix-de-cajou-barq-200-g\/","url_meta":{"origin":5064,"position":2},"title":"Noix de cajou barquette 200 g environ","date":"7 d\u00e9cembre 2015","format":false,"excerpt":"Originaire du Br\u00e9sil, cette petite noix en forme de rein est un tr\u00e9sor pour notre sant\u00e9\u2026 Conditionn\u00e9 en barquette refermable \u00e0 volont\u00e9 pour garder toute sa saveur. Ingr\u00e9dients: Noix de cajou, huiles de tournesol et de palme, sel. Traces possibles d'arachides, de s\u00e9same et de sulfites. Valeurs \u00e9nerg\u00e9tiques et nutritionnelles\u2026","rel":"","context":"Article similaire","img":{"alt_text":"","src":"https:\/\/i1.wp.com\/www.passionfruits.fr\/wp-content\/uploads\/2015\/12\/noix-de-cajou.jpg?fit=600%2C600&ssl=1&resize=350%2C200","width":350,"height":200},"classes":[]},{"id":4917,"url":"https:\/\/www.passionfruits.fr\/index.php\/produit\/citron-vert-la-piece\/","url_meta":{"origin":5064,"position":3},"title":"Citron vert Bresil Cat 1 la pi\u00e8ce env 100g soit 4,95 \u20ac le kilo","date":"7 d\u00e9cembre 2015","format":false,"excerpt":"Conservation: A temp\u00e9rature ambiante pendant une semaine, attention je risque de s\u00e9cher. Au r\u00e9frig\u00e9rateur vous pourrez me conserver 3 semaines, sans risque de d\u00e9shydratation ainsi je garde tous mon jus et mes vitamines !!!","rel":"","context":"Article similaire","img":{"alt_text":"","src":"https:\/\/i1.wp.com\/www.passionfruits.fr\/wp-content\/uploads\/2015\/12\/Fotolia_44611423_XS.jpg?fit=346%2C346&ssl=1&resize=350%2C200","width":350,"height":200},"classes":[]},{"id":4859,"url":"https:\/\/www.passionfruits.fr\/index.php\/produit\/citron-jaune-la-piece\/","url_meta":{"origin":5064,"position":4},"title":"Citron jaune Espagne  Cat 1 la pi\u00e8ce env. 200g soit 4,95\u20ac le kilo","date":"7 d\u00e9cembre 2015","format":false,"excerpt":"Conservation: A temp\u00e9rature ambiante pendant une semaine, attention je risque de s\u00e9cher. Au r\u00e9frig\u00e9rateur vous pourrez me conserver 3 semaines, sans risque de d\u00e9shydratation ainsi je garde tous mon jus et mes vitamines !!!","rel":"","context":"Article similaire","img":{"alt_text":"","src":"https:\/\/i1.wp.com\/www.passionfruits.fr\/wp-content\/uploads\/2015\/12\/citrons2.jpg?fit=600%2C600&ssl=1&resize=350%2C200","width":350,"height":200},"classes":[]},{"id":4911,"url":"https:\/\/www.passionfruits.fr\/index.php\/produit\/pomelos-rose-la-piece\/","url_meta":{"origin":5064,"position":5},"title":"Pomelos rose Espagne  Cat 1 la pi\u00e8ce","date":"7 d\u00e9cembre 2015","format":false,"excerpt":"Conservation: A temp\u00e9rature ambiante pendant une semaine, attention je risque de s\u00e9cher. Au r\u00e9frig\u00e9rateur vous pourrez me conserver 3 semaines, sans risque de d\u00e9shydratation ainsi je garde tous mon jus et mes vitamines !!!","rel":"","context":"Article similaire","img":{"alt_text":"","src":"https:\/\/i0.wp.com\/www.passionfruits.fr\/wp-content\/uploads\/2015\/12\/Pomelos.jpg?fit=600%2C600&ssl=1&resize=350%2C200","width":350,"height":200},"classes":[]}],"_links":{"self":[{"href":"https:\/\/www.passionfruits.fr\/index.php\/wp-json\/wp\/v2\/product\/5064"}],"collection":[{"href":"https:\/\/www.passionfruits.fr\/index.php\/wp-json\/wp\/v2\/product"}],"about":[{"href":"https:\/\/www.passionfruits.fr\/index.php\/wp-json\/wp\/v2\/types\/product"}],"replies":[{"embeddable":true,"href":"https:\/\/www.passionfruits.fr\/index.php\/wp-json\/wp\/v2\/comments?post=5064"}],"wp:featuredmedia":[{"embeddable":true,"href":"https:\/\/www.passionfruits.fr\/index.php\/wp-json\/wp\/v2\/media\/5065"}],"wp:attachment":[{"href":"https:\/\/www.passionfruits.fr\/index.php\/wp-json\/wp\/v2\/media?parent=5064"}],"curies":[{"name":"wp","href":"https:\/\/api.w.org\/{rel}","templated":true}]}}