{"id":9512,"date":"2016-10-15T09:51:30","date_gmt":"2016-10-15T08:51:30","guid":{"rendered":"http:\/\/www.andreclaude.fr\/web\/?post_type=product&#038;p=9512"},"modified":"2025-08-29T13:59:45","modified_gmt":"2025-08-29T12:59:45","slug":"pomme-promo-royal-gala-les-3-kilos","status":"publish","type":"product","link":"https:\/\/www.passionfruits.fr\/index.php\/produit\/pomme-promo-royal-gala-les-3-kilos\/","title":{"rendered":"Pomme sachet Royal Gala France cat1 Promo les 3 kilos"},"content":{"rendered":"","protected":false},"excerpt":{"rendered":"","protected":false},"featured_media":8357,"comment_status":"closed","ping_status":"closed","template":"","meta":{"spay_email":"","jetpack_publicize_message":"","jetpack_is_tweetstorm":false},"jetpack_publicize_connections":[],"jetpack_sharing_enabled":true,"jetpack-related-posts":[{"id":9508,"url":"https:\/\/www.passionfruits.fr\/index.php\/produit\/pomme-golden-promo-les-3-kilos\/","url_meta":{"origin":9512,"position":0},"title":"Pomme sachet Golden France Cat 1 Promo les 3 kilos","date":"15 octobre 2016","format":false,"excerpt":"","rel":"","context":"Article similaire","img":{"alt_text":"","src":"https:\/\/i2.wp.com\/www.passionfruits.fr\/wp-content\/uploads\/2015\/12\/pomme-jonagored-sachet-3-kilos.jpg?fit=600%2C600&ssl=1&resize=350%2C200","width":350,"height":200},"classes":[]},{"id":9806,"url":"https:\/\/www.passionfruits.fr\/index.php\/produit\/pomme-promo-chanteclerc-les-3-kilos\/","url_meta":{"origin":9512,"position":1},"title":"Pomme sachet Chantecler France Cat 1 Promo les 3  kilos","date":"3 d\u00e9cembre 2016","format":false,"excerpt":"","rel":"","context":"Article similaire","img":{"alt_text":"","src":"https:\/\/i2.wp.com\/www.passionfruits.fr\/wp-content\/uploads\/2015\/12\/pomme-jonagored-sachet-3-kilos.jpg?fit=600%2C600&ssl=1&resize=350%2C200","width":350,"height":200},"classes":[]},{"id":5330,"url":"https:\/\/www.passionfruits.fr\/index.php\/produit\/pomme-royal-gala-le-kilo\/","url_meta":{"origin":9512,"position":2},"title":"Pomme Royal gala  France  Cat 1 le kilo","date":"7 d\u00e9cembre 2015","format":false,"excerpt":"La Gala occupe la deuxi\u00e8me place dans le c\u0153ur des Fran\u00e7ais. Sans doute pour son \u00e9clat app\u00e9tissant et la douceur de sa chair ! Tr\u00e8s croquante, sucr\u00e9e, juteuse. Id\u00e9ale pour vous d\u00e9salt\u00e9rer. A croquer, au four, en tarte, \u00e0 cuisiner. \u00a0 \u00a0","rel":"","context":"Article similaire","img":{"alt_text":"","src":"https:\/\/i2.wp.com\/www.passionfruits.fr\/wp-content\/uploads\/2015\/12\/gala.jpg?fit=600%2C600&ssl=1&resize=350%2C200","width":350,"height":200},"classes":[]},{"id":19900,"url":"https:\/\/www.passionfruits.fr\/index.php\/produit\/chips-de-beauce-nature-ondulee-sachet-150grs\/","url_meta":{"origin":9512,"position":3},"title":"Chips de Beauce Nature ondul\u00e9e sachet 150grs","date":"27 mars 2024","format":false,"excerpt":"Belsia, c\u2019est l\u2019histoire de Cl\u00e9mence et Matthieu qui, par amour du bon et du terroir, d\u00e9cident de transformer les belles pommes de terre de l\u2019exploitation familiale de Mathieu en chips. Ni une ni deux, la ferme de L\u00e9tourville au milieu de la plaine de Beauce (\u00ab\u00a0Belsia\u00a0\u00bb en latin), se voit\u2026","rel":"","context":"Article similaire","img":{"alt_text":"","src":"https:\/\/i2.wp.com\/www.passionfruits.fr\/wp-content\/uploads\/2024\/03\/528-08.jpg?fit=600%2C600&ssl=1&resize=350%2C200","width":350,"height":200},"classes":[]},{"id":19897,"url":"https:\/\/www.passionfruits.fr\/index.php\/produit\/chips-de-beauce-au-roquefort-sachet-150grs\/","url_meta":{"origin":9512,"position":4},"title":"Chips de Beauce Au Roquefort sachet 150grs","date":"27 mars 2024","format":false,"excerpt":"Belsia, c\u2019est l\u2019histoire de Cl\u00e9mence et Matthieu qui, par amour du bon et du terroir, d\u00e9cident de transformer les belles pommes de terre de l\u2019exploitation familiale de Mathieu en chips. Ni une ni deux, la ferme de L\u00e9tourville au milieu de la plaine de Beauce (\u00ab\u00a0Belsia\u00a0\u00bb en latin), se voit\u2026","rel":"","context":"Article similaire","img":{"alt_text":"","src":"https:\/\/i2.wp.com\/www.passionfruits.fr\/wp-content\/uploads\/2024\/03\/aa.jpg?fit=600%2C600&ssl=1&resize=350%2C200","width":350,"height":200},"classes":[]},{"id":20464,"url":"https:\/\/www.passionfruits.fr\/index.php\/produit\/the-vrac-passion-fruits-sachet-100-grs\/","url_meta":{"origin":9512,"position":5},"title":"Th\u00e9 vrac Passion Fruits Sachet 100 grs","date":"15 mai 2025","format":false,"excerpt":"Fraise, P\u00eache et Fruit de la passion","rel":"","context":"Article similaire","img":{"alt_text":"","src":"https:\/\/i2.wp.com\/www.passionfruits.fr\/wp-content\/uploads\/2025\/05\/pf.jpg?fit=600%2C600&ssl=1&resize=350%2C200","width":350,"height":200},"classes":[]}],"_links":{"self":[{"href":"https:\/\/www.passionfruits.fr\/index.php\/wp-json\/wp\/v2\/product\/9512"}],"collection":[{"href":"https:\/\/www.passionfruits.fr\/index.php\/wp-json\/wp\/v2\/product"}],"about":[{"href":"https:\/\/www.passionfruits.fr\/index.php\/wp-json\/wp\/v2\/types\/product"}],"replies":[{"embeddable":true,"href":"https:\/\/www.passionfruits.fr\/index.php\/wp-json\/wp\/v2\/comments?post=9512"}],"wp:featuredmedia":[{"embeddable":true,"href":"https:\/\/www.passionfruits.fr\/index.php\/wp-json\/wp\/v2\/media\/8357"}],"wp:attachment":[{"href":"https:\/\/www.passionfruits.fr\/index.php\/wp-json\/wp\/v2\/media?parent=9512"}],"curies":[{"name":"wp","href":"https:\/\/api.w.org\/{rel}","templated":true}]}}